{"id":11561,"date":"2021-04-21T10:36:30","date_gmt":"2021-04-21T08:36:30","guid":{"rendered":"http:\/\/nova21.szerokopasmowi.home.pl\/profesjonalisci\/"},"modified":"2021-07-01T15:02:02","modified_gmt":"2021-07-01T13:02:02","slug":"profesjonalisci","status":"publish","type":"page","link":"https:\/\/www.fca.com.pl\/en\/profesjonalisci\/","title":{"rendered":"Profesjonali\u015bci"},"content":{"rendered":"\t\t<div data-elementor-type=\"wp-page\" data-elementor-id=\"11561\" class=\"elementor elementor-11561 elementor-7336\" data-elementor-post-type=\"page\">\n\t\t\t\t\t\t<section class=\"elementor-section elementor-top-section elementor-element elementor-element-a0064bf elementor-section-boxed elementor-section-height-default elementor-section-height-default\" data-id=\"a0064bf\" data-element_type=\"section\">\n\t\t\t\t\t\t<div class=\"elementor-container elementor-column-gap-default\">\n\t\t\t\t\t<div class=\"elementor-column elementor-col-100 elementor-top-column elementor-element elementor-element-e9860ac\" data-id=\"e9860ac\" data-element_type=\"column\">\n\t\t\t<div class=\"elementor-widget-wrap elementor-element-populated\">\n\t\t\t\t\t\t<div class=\"elementor-element elementor-element-41b7ca1 elementor-widget elementor-widget-kariera-lista\" data-id=\"41b7ca1\" data-element_type=\"widget\" data-widget_type=\"kariera-lista.default\">\n\t\t\t\t<div class=\"elementor-widget-container\">\n\t\t\t<section class=\"section section-career \">\n\t<div class=\"container\">\n\t\t<div class=\"career-top-container\">\n\t\t\t\t\t\t\t<h2 class=\"h2-text\">\n\t\t\t\t\tOferty pracy\n\t\t\t\t<\/h2>\n\t\t\t\t\t\t\t\t\t<\/div>\n\t\t\t\t\t<div class=\"career-list\">\n\t\t\t\t<table class=\"fixed-table career-table table-onclick\">\n\t\t\t\t\t<tr>\n\t\t\t\t\t\t<th><\/th>\n\t\t\t\t\t\t<th>Position<\/th>\n\t\t\t\t\t\t<th>Company<\/th>\n\t\t\t\t\t\t<th>Department<\/th>\n\t\t\t\t\t\t<th>Agreement<\/th>\n\t\t\t\t\t\t<th>Location<\/th>\n\t\t\t\t\t<\/tr>\n\t\t\t\t\t\t\t\t\t\t\t<tr onclick=\"window.location='https:\/\/www.fca.com.pl\/en\/profesjonalisci\/specjalista-ds-uzgodnien-zbierania-zgod-warszawa\/';\">\n\t\t\t\t\t\t\t<td>\n\t\t\t\t\t\t\t\t<a href=\"https:\/\/www.fca.com.pl\/en\/profesjonalisci\/specjalista-ds-uzgodnien-zbierania-zgod-warszawa\/\">\n\t\t\t\t\t\t\t\t\t<img decoding=\"async\" src=\"https:\/\/www.fca.com.pl\/wp-content\/themes\/fca\/img\/arrow-right-white.svg\" alt=\"arrow\">\n\t\t\t\t\t\t\t\t<\/a>\n\t\t\t\t\t\t\t<\/td>\n\t\t\t\t\t\t\t<td>\n\t\t\t\t\t\t\t\t<a href=\"https:\/\/www.fca.com.pl\/en\/profesjonalisci\/specjalista-ds-uzgodnien-zbierania-zgod-warszawa\/\">\n\t\t\t\t\t\t\t\t\tSpecjalista ds. uzgodnie\u0144\/zbierania zg\u00f3d<\/a><\/td>\n\t\t\t\t\t\t\t<td>\n\t\t\t\t\t\t\t\t\t\t\t\t\t\t\t<\/td>\n\t\t\t\t\t\t\t<td>\n\t\t\t\t\t\t\t\t\t\t\t\t\t\t\t\t\t<a href=\"https:\/\/www.fca.com.pl\/en\/profesjonalisci\/specjalista-ds-uzgodnien-zbierania-zgod-warszawa\/\">\n\t\t\t\t\t\t\t\t\t\tSP\u00d3\u0141KA NETWORK FOR FUTURE\t\t\t\t\t\t\t\t\t<\/a>\n\t\t\t\t\t\t\t\t\t\t\t\t\t\t\t\t<\/td>\n\t\t\t\t\t\t\t<td>\n\t\t\t\t\t\t\t\t\t\t\t\t\t\t\t\t\t<a href=\"https:\/\/www.fca.com.pl\/en\/profesjonalisci\/specjalista-ds-uzgodnien-zbierania-zgod-warszawa\/\">\n\t\t\t\t\t\t\t\t\t\tUmowa zlecenie\t\t\t\t\t\t\t\t\t<\/a>\n\t\t\t\t\t\t\t\t\t\t\t\t\t\t\t\t<\/td>\n\t\t\t\t\t\t\t<td>\n\t\t\t\t\t\t\t\t\t\t\t\t\t\t\t\t\t<a href=\"https:\/\/www.fca.com.pl\/en\/profesjonalisci\/specjalista-ds-uzgodnien-zbierania-zgod-warszawa\/\">\n\t\t\t\t\t\t\t\t\t\tWARSZAWA\t\t\t\t\t\t\t\t\t<\/a>\n\t\t\t\t\t\t\t\t\t\t\t\t\t\t\t\t<\/td>\n\t\t\t\t\t\t<\/tr>\n\t\t\t\t\t\t\t\t\t\t\t\t<tr onclick=\"window.location='https:\/\/www.fca.com.pl\/en\/profesjonalisci\/inzynier-wsparcia-sprzedazy\/';\">\n\t\t\t\t\t\t\t<td>\n\t\t\t\t\t\t\t\t<a href=\"https:\/\/www.fca.com.pl\/en\/profesjonalisci\/inzynier-wsparcia-sprzedazy\/\">\n\t\t\t\t\t\t\t\t\t<img decoding=\"async\" src=\"https:\/\/www.fca.com.pl\/wp-content\/themes\/fca\/img\/arrow-right-white.svg\" alt=\"arrow\">\n\t\t\t\t\t\t\t\t<\/a>\n\t\t\t\t\t\t\t<\/td>\n\t\t\t\t\t\t\t<td>\n\t\t\t\t\t\t\t\t<a href=\"https:\/\/www.fca.com.pl\/en\/profesjonalisci\/inzynier-wsparcia-sprzedazy\/\">\n\t\t\t\t\t\t\t\t\tIn\u017cynier Wsparcia Sprzeda\u017cy<\/a><\/td>\n\t\t\t\t\t\t\t<td>\n\t\t\t\t\t\t\t\t\t\t\t\t\t\t\t<\/td>\n\t\t\t\t\t\t\t<td>\n\t\t\t\t\t\t\t\t\t\t\t\t\t\t\t\t\t<a href=\"https:\/\/www.fca.com.pl\/en\/profesjonalisci\/inzynier-wsparcia-sprzedazy\/\">\n\t\t\t\t\t\t\t\t\t\tDepartament Produkt\u00f3w i&nbsp;Us\u0142ug\t\t\t\t\t\t\t\t\t<\/a>\n\t\t\t\t\t\t\t\t\t\t\t\t\t\t\t\t<\/td>\n\t\t\t\t\t\t\t<td>\n\t\t\t\t\t\t\t\t\t\t\t\t\t\t\t\t\t<a href=\"https:\/\/www.fca.com.pl\/en\/profesjonalisci\/inzynier-wsparcia-sprzedazy\/\">\n\t\t\t\t\t\t\t\t\t\tUmowa o&nbsp;prac\u0119\t\t\t\t\t\t\t\t\t<\/a>\n\t\t\t\t\t\t\t\t\t\t\t\t\t\t\t\t<\/td>\n\t\t\t\t\t\t\t<td>\n\t\t\t\t\t\t\t\t\t\t\t\t\t\t\t\t\t<a href=\"https:\/\/www.fca.com.pl\/en\/profesjonalisci\/inzynier-wsparcia-sprzedazy\/\">\n\t\t\t\t\t\t\t\t\t\tNiepo\u0142omice\t\t\t\t\t\t\t\t\t<\/a>\n\t\t\t\t\t\t\t\t\t\t\t\t\t\t\t\t<\/td>\n\t\t\t\t\t\t<\/tr>\n\t\t\t\t\t\t\t\t\t\t\t\t<tr onclick=\"window.location='https:\/\/www.fca.com.pl\/en\/profesjonalisci\/kierownik-dzialu-wdrozen-systemow-aktywnych\/';\">\n\t\t\t\t\t\t\t<td>\n\t\t\t\t\t\t\t\t<a href=\"https:\/\/www.fca.com.pl\/en\/profesjonalisci\/kierownik-dzialu-wdrozen-systemow-aktywnych\/\">\n\t\t\t\t\t\t\t\t\t<img decoding=\"async\" src=\"https:\/\/www.fca.com.pl\/wp-content\/themes\/fca\/img\/arrow-right-white.svg\" alt=\"arrow\">\n\t\t\t\t\t\t\t\t<\/a>\n\t\t\t\t\t\t\t<\/td>\n\t\t\t\t\t\t\t<td>\n\t\t\t\t\t\t\t\t<a href=\"https:\/\/www.fca.com.pl\/en\/profesjonalisci\/kierownik-dzialu-wdrozen-systemow-aktywnych\/\">\n\t\t\t\t\t\t\t\t\tKierownik Dzia\u0142u Wdro\u017ce\u0144 System\u00f3w Aktywnych<\/a><\/td>\n\t\t\t\t\t\t\t<td>\n\t\t\t\t\t\t\t\t\t\t\t\t\t\t\t<\/td>\n\t\t\t\t\t\t\t<td>\n\t\t\t\t\t\t\t\t\t\t\t\t\t\t\t\t\t<a href=\"https:\/\/www.fca.com.pl\/en\/profesjonalisci\/kierownik-dzialu-wdrozen-systemow-aktywnych\/\">\n\t\t\t\t\t\t\t\t\t\tDepartament Produkt\u00f3w i&nbsp;Us\u0142ug\t\t\t\t\t\t\t\t\t<\/a>\n\t\t\t\t\t\t\t\t\t\t\t\t\t\t\t\t<\/td>\n\t\t\t\t\t\t\t<td>\n\t\t\t\t\t\t\t\t\t\t\t\t\t\t\t\t\t<a href=\"https:\/\/www.fca.com.pl\/en\/profesjonalisci\/kierownik-dzialu-wdrozen-systemow-aktywnych\/\">\n\t\t\t\t\t\t\t\t\t\tUmowa o&nbsp;prac\u0119\/B2B\t\t\t\t\t\t\t\t\t<\/a>\n\t\t\t\t\t\t\t\t\t\t\t\t\t\t\t\t<\/td>\n\t\t\t\t\t\t\t<td>\n\t\t\t\t\t\t\t\t\t\t\t\t\t\t\t\t\t<a href=\"https:\/\/www.fca.com.pl\/en\/profesjonalisci\/kierownik-dzialu-wdrozen-systemow-aktywnych\/\">\n\t\t\t\t\t\t\t\t\t\tNiepo\u0142omice\t\t\t\t\t\t\t\t\t<\/a>\n\t\t\t\t\t\t\t\t\t\t\t\t\t\t\t\t<\/td>\n\t\t\t\t\t\t<\/tr>\n\t\t\t\t\t\t\t\t\t\t\t\t<tr onclick=\"window.location='https:\/\/www.fca.com.pl\/en\/profesjonalisci\/monter-na-produkcje\/';\">\n\t\t\t\t\t\t\t<td>\n\t\t\t\t\t\t\t\t<a href=\"https:\/\/www.fca.com.pl\/en\/profesjonalisci\/monter-na-produkcje\/\">\n\t\t\t\t\t\t\t\t\t<img decoding=\"async\" src=\"https:\/\/www.fca.com.pl\/wp-content\/themes\/fca\/img\/arrow-right-white.svg\" alt=\"arrow\">\n\t\t\t\t\t\t\t\t<\/a>\n\t\t\t\t\t\t\t<\/td>\n\t\t\t\t\t\t\t<td>\n\t\t\t\t\t\t\t\t<a href=\"https:\/\/www.fca.com.pl\/en\/profesjonalisci\/monter-na-produkcje\/\">\n\t\t\t\t\t\t\t\t\tMonter na produkcje<\/a><\/td>\n\t\t\t\t\t\t\t<td>\n\t\t\t\t\t\t\t\t\t\t\t\t\t\t\t<\/td>\n\t\t\t\t\t\t\t<td>\n\t\t\t\t\t\t\t\t\t\t\t\t\t\t\t\t\t<a href=\"https:\/\/www.fca.com.pl\/en\/profesjonalisci\/monter-na-produkcje\/\">\n\t\t\t\t\t\t\t\t\t\tDepartament Produkcji \t\t\t\t\t\t\t\t\t<\/a>\n\t\t\t\t\t\t\t\t\t\t\t\t\t\t\t\t<\/td>\n\t\t\t\t\t\t\t<td>\n\t\t\t\t\t\t\t\t\t\t\t\t\t\t\t\t\t<a href=\"https:\/\/www.fca.com.pl\/en\/profesjonalisci\/monter-na-produkcje\/\">\n\t\t\t\t\t\t\t\t\t\tUmowa o&nbsp;prac\u0119\t\t\t\t\t\t\t\t\t<\/a>\n\t\t\t\t\t\t\t\t\t\t\t\t\t\t\t\t<\/td>\n\t\t\t\t\t\t\t<td>\n\t\t\t\t\t\t\t\t\t\t\t\t\t\t\t\t\t<a href=\"https:\/\/www.fca.com.pl\/en\/profesjonalisci\/monter-na-produkcje\/\">\n\t\t\t\t\t\t\t\t\t\tNiepo\u0142omice\t\t\t\t\t\t\t\t\t<\/a>\n\t\t\t\t\t\t\t\t\t\t\t\t\t\t\t\t<\/td>\n\t\t\t\t\t\t<\/tr>\n\t\t\t\t\t\t\t\t\t\t\t\t<tr onclick=\"window.location='https:\/\/www.fca.com.pl\/en\/profesjonalisci\/specjalista-ds-uzgodnien-zbierania-zgod\/';\">\n\t\t\t\t\t\t\t<td>\n\t\t\t\t\t\t\t\t<a href=\"https:\/\/www.fca.com.pl\/en\/profesjonalisci\/specjalista-ds-uzgodnien-zbierania-zgod\/\">\n\t\t\t\t\t\t\t\t\t<img decoding=\"async\" src=\"https:\/\/www.fca.com.pl\/wp-content\/themes\/fca\/img\/arrow-right-white.svg\" alt=\"arrow\">\n\t\t\t\t\t\t\t\t<\/a>\n\t\t\t\t\t\t\t<\/td>\n\t\t\t\t\t\t\t<td>\n\t\t\t\t\t\t\t\t<a href=\"https:\/\/www.fca.com.pl\/en\/profesjonalisci\/specjalista-ds-uzgodnien-zbierania-zgod\/\">\n\t\t\t\t\t\t\t\t\tSpecjalista ds. uzgodnie\u0144\/zbierania zg\u00f3d<\/a><\/td>\n\t\t\t\t\t\t\t<td>\n\t\t\t\t\t\t\t\t                                    <a href=\"https:\/\/www.fca.com.pl\/en\/profesjonalisci\/specjalista-ds-uzgodnien-zbierania-zgod\/\">\n\t\t\t\t\t\t\t\t\t\tFCA                                    <\/a>\n\t\t\t\t\t\t\t\t\t\t\t\t\t\t\t\t<\/td>\n\t\t\t\t\t\t\t<td>\n\t\t\t\t\t\t\t\t\t\t\t\t\t\t\t\t\t<a href=\"https:\/\/www.fca.com.pl\/en\/profesjonalisci\/specjalista-ds-uzgodnien-zbierania-zgod\/\">\n\t\t\t\t\t\t\t\t\t\tDepartament Koordynacji i&nbsp;Realizacji Projekt\u00f3w \t\t\t\t\t\t\t\t\t<\/a>\n\t\t\t\t\t\t\t\t\t\t\t\t\t\t\t\t<\/td>\n\t\t\t\t\t\t\t<td>\n\t\t\t\t\t\t\t\t\t\t\t\t\t\t\t\t\t<a href=\"https:\/\/www.fca.com.pl\/en\/profesjonalisci\/specjalista-ds-uzgodnien-zbierania-zgod\/\">\n\t\t\t\t\t\t\t\t\t\tUmowa zlecenie\t\t\t\t\t\t\t\t\t<\/a>\n\t\t\t\t\t\t\t\t\t\t\t\t\t\t\t\t<\/td>\n\t\t\t\t\t\t\t<td>\n\t\t\t\t\t\t\t\t\t\t\t\t\t\t\t\t\t<a href=\"https:\/\/www.fca.com.pl\/en\/profesjonalisci\/specjalista-ds-uzgodnien-zbierania-zgod\/\">\n\t\t\t\t\t\t\t\t\t\tpowiat: Tomasz\u00f3w Lubelski\t\t\t\t\t\t\t\t\t<\/a>\n\t\t\t\t\t\t\t\t\t\t\t\t\t\t\t\t<\/td>\n\t\t\t\t\t\t<\/tr>\n\t\t\t\t\t\t\t\t\t\t\t\t<tr onclick=\"window.location='https:\/\/www.fca.com.pl\/en\/profesjonalisci\/koordynator-prac-projektowych\/';\">\n\t\t\t\t\t\t\t<td>\n\t\t\t\t\t\t\t\t<a href=\"https:\/\/www.fca.com.pl\/en\/profesjonalisci\/koordynator-prac-projektowych\/\">\n\t\t\t\t\t\t\t\t\t<img decoding=\"async\" src=\"https:\/\/www.fca.com.pl\/wp-content\/themes\/fca\/img\/arrow-right-white.svg\" alt=\"arrow\">\n\t\t\t\t\t\t\t\t<\/a>\n\t\t\t\t\t\t\t<\/td>\n\t\t\t\t\t\t\t<td>\n\t\t\t\t\t\t\t\t<a href=\"https:\/\/www.fca.com.pl\/en\/profesjonalisci\/koordynator-prac-projektowych\/\">\n\t\t\t\t\t\t\t\t\tKoordynator Prac Projektowych<\/a><\/td>\n\t\t\t\t\t\t\t<td>\n\t\t\t\t\t\t\t\t\t\t\t\t\t\t\t<\/td>\n\t\t\t\t\t\t\t<td>\n\t\t\t\t\t\t\t\t\t\t\t\t\t\t\t\t\t<a href=\"https:\/\/www.fca.com.pl\/en\/profesjonalisci\/koordynator-prac-projektowych\/\">\n\t\t\t\t\t\t\t\t\t\tDepartament Koordynacji i&nbsp;Realizacji Projekt\u00f3w \t\t\t\t\t\t\t\t\t<\/a>\n\t\t\t\t\t\t\t\t\t\t\t\t\t\t\t\t<\/td>\n\t\t\t\t\t\t\t<td>\n\t\t\t\t\t\t\t\t\t\t\t\t\t\t\t\t\t<a href=\"https:\/\/www.fca.com.pl\/en\/profesjonalisci\/koordynator-prac-projektowych\/\">\n\t\t\t\t\t\t\t\t\t\tUmowa o&nbsp;prac\u0119\t\t\t\t\t\t\t\t\t<\/a>\n\t\t\t\t\t\t\t\t\t\t\t\t\t\t\t\t<\/td>\n\t\t\t\t\t\t\t<td>\n\t\t\t\t\t\t\t\t\t\t\t\t\t\t\t\t\t<a href=\"https:\/\/www.fca.com.pl\/en\/profesjonalisci\/koordynator-prac-projektowych\/\">\n\t\t\t\t\t\t\t\t\t\tWarszawa, Lublin, Radom\t\t\t\t\t\t\t\t\t<\/a>\n\t\t\t\t\t\t\t\t\t\t\t\t\t\t\t\t<\/td>\n\t\t\t\t\t\t<\/tr>\n\t\t\t\t\t\t\t\t\t\t\t\t<tr onclick=\"window.location='https:\/\/www.fca.com.pl\/en\/profesjonalisci\/koordynator-budowy-sieci-swiatlowodowej-warszawa-radom\/';\">\n\t\t\t\t\t\t\t<td>\n\t\t\t\t\t\t\t\t<a href=\"https:\/\/www.fca.com.pl\/en\/profesjonalisci\/koordynator-budowy-sieci-swiatlowodowej-warszawa-radom\/\">\n\t\t\t\t\t\t\t\t\t<img decoding=\"async\" src=\"https:\/\/www.fca.com.pl\/wp-content\/themes\/fca\/img\/arrow-right-white.svg\" alt=\"arrow\">\n\t\t\t\t\t\t\t\t<\/a>\n\t\t\t\t\t\t\t<\/td>\n\t\t\t\t\t\t\t<td>\n\t\t\t\t\t\t\t\t<a href=\"https:\/\/www.fca.com.pl\/en\/profesjonalisci\/koordynator-budowy-sieci-swiatlowodowej-warszawa-radom\/\">\n\t\t\t\t\t\t\t\t\tKoordynator Budowy Sieci \u015awiat\u0142owodowej<\/a><\/td>\n\t\t\t\t\t\t\t<td>\n\t\t\t\t\t\t\t\t\t\t\t\t\t\t\t<\/td>\n\t\t\t\t\t\t\t<td>\n\t\t\t\t\t\t\t\t\t\t\t\t\t\t\t\t\t<a href=\"https:\/\/www.fca.com.pl\/en\/profesjonalisci\/koordynator-budowy-sieci-swiatlowodowej-warszawa-radom\/\">\n\t\t\t\t\t\t\t\t\t\tDepartament Koordynacji i&nbsp;Realizacji Projekt\u00f3w \t\t\t\t\t\t\t\t\t<\/a>\n\t\t\t\t\t\t\t\t\t\t\t\t\t\t\t\t<\/td>\n\t\t\t\t\t\t\t<td>\n\t\t\t\t\t\t\t\t\t\t\t\t\t\t\t\t\t<a href=\"https:\/\/www.fca.com.pl\/en\/profesjonalisci\/koordynator-budowy-sieci-swiatlowodowej-warszawa-radom\/\">\n\t\t\t\t\t\t\t\t\t\tUmowa o&nbsp;prac\u0119\t\t\t\t\t\t\t\t\t<\/a>\n\t\t\t\t\t\t\t\t\t\t\t\t\t\t\t\t<\/td>\n\t\t\t\t\t\t\t<td>\n\t\t\t\t\t\t\t\t\t\t\t\t\t\t\t\t\t<a href=\"https:\/\/www.fca.com.pl\/en\/profesjonalisci\/koordynator-budowy-sieci-swiatlowodowej-warszawa-radom\/\">\n\t\t\t\t\t\t\t\t\t\tWarszawa, Radom\t\t\t\t\t\t\t\t\t<\/a>\n\t\t\t\t\t\t\t\t\t\t\t\t\t\t\t\t<\/td>\n\t\t\t\t\t\t<\/tr>\n\t\t\t\t\t\t\t\t\t\t\t\t<tr onclick=\"window.location='https:\/\/www.fca.com.pl\/en\/profesjonalisci\/przedstawiciel-regionalny-ds-sprzedazy-b2b\/';\">\n\t\t\t\t\t\t\t<td>\n\t\t\t\t\t\t\t\t<a href=\"https:\/\/www.fca.com.pl\/en\/profesjonalisci\/przedstawiciel-regionalny-ds-sprzedazy-b2b\/\">\n\t\t\t\t\t\t\t\t\t<img decoding=\"async\" src=\"https:\/\/www.fca.com.pl\/wp-content\/themes\/fca\/img\/arrow-right-white.svg\" alt=\"arrow\">\n\t\t\t\t\t\t\t\t<\/a>\n\t\t\t\t\t\t\t<\/td>\n\t\t\t\t\t\t\t<td>\n\t\t\t\t\t\t\t\t<a href=\"https:\/\/www.fca.com.pl\/en\/profesjonalisci\/przedstawiciel-regionalny-ds-sprzedazy-b2b\/\">\n\t\t\t\t\t\t\t\t\tPrzedstawiciel Regionalny ds. Sprzeda\u017cy B2B<\/a><\/td>\n\t\t\t\t\t\t\t<td>\n\t\t\t\t\t\t\t\t\t\t\t\t\t\t\t<\/td>\n\t\t\t\t\t\t\t<td>\n\t\t\t\t\t\t\t\t\t\t\t\t\t\t\t\t\t<a href=\"https:\/\/www.fca.com.pl\/en\/profesjonalisci\/przedstawiciel-regionalny-ds-sprzedazy-b2b\/\">\n\t\t\t\t\t\t\t\t\t\tDepartament Handlu i&nbsp;Marketingu\t\t\t\t\t\t\t\t\t<\/a>\n\t\t\t\t\t\t\t\t\t\t\t\t\t\t\t\t<\/td>\n\t\t\t\t\t\t\t<td>\n\t\t\t\t\t\t\t\t\t\t\t\t\t\t\t\t\t<a href=\"https:\/\/www.fca.com.pl\/en\/profesjonalisci\/przedstawiciel-regionalny-ds-sprzedazy-b2b\/\">\n\t\t\t\t\t\t\t\t\t\tUmowa o&nbsp;prac\u0119\/B2B\t\t\t\t\t\t\t\t\t<\/a>\n\t\t\t\t\t\t\t\t\t\t\t\t\t\t\t\t<\/td>\n\t\t\t\t\t\t\t<td>\n\t\t\t\t\t\t\t\t\t\t\t\t\t\t\t\t\t<a href=\"https:\/\/www.fca.com.pl\/en\/profesjonalisci\/przedstawiciel-regionalny-ds-sprzedazy-b2b\/\">\n\t\t\t\t\t\t\t\t\t\twoj. lubelskie, mazowieckie, warminsko-mazurskie\t\t\t\t\t\t\t\t\t<\/a>\n\t\t\t\t\t\t\t\t\t\t\t\t\t\t\t\t<\/td>\n\t\t\t\t\t\t<\/tr>\n\t\t\t\t\t\t\t\t\t\t\t\t<tr onclick=\"window.location='https:\/\/www.fca.com.pl\/en\/profesjonalisci\/inzynier-systemow-sieciowych\/';\">\n\t\t\t\t\t\t\t<td>\n\t\t\t\t\t\t\t\t<a href=\"https:\/\/www.fca.com.pl\/en\/profesjonalisci\/inzynier-systemow-sieciowych\/\">\n\t\t\t\t\t\t\t\t\t<img decoding=\"async\" src=\"https:\/\/www.fca.com.pl\/wp-content\/themes\/fca\/img\/arrow-right-white.svg\" alt=\"arrow\">\n\t\t\t\t\t\t\t\t<\/a>\n\t\t\t\t\t\t\t<\/td>\n\t\t\t\t\t\t\t<td>\n\t\t\t\t\t\t\t\t<a href=\"https:\/\/www.fca.com.pl\/en\/profesjonalisci\/inzynier-systemow-sieciowych\/\">\n\t\t\t\t\t\t\t\t\tIn\u017cynier System\u00f3w Sieciowych<\/a><\/td>\n\t\t\t\t\t\t\t<td>\n\t\t\t\t\t\t\t\t\t\t\t\t\t\t\t<\/td>\n\t\t\t\t\t\t\t<td>\n\t\t\t\t\t\t\t\t\t\t\t\t\t\t\t\t\t<a href=\"https:\/\/www.fca.com.pl\/en\/profesjonalisci\/inzynier-systemow-sieciowych\/\">\n\t\t\t\t\t\t\t\t\t\tDepartament Produkt\u00f3w i&nbsp;Us\u0142ug\t\t\t\t\t\t\t\t\t<\/a>\n\t\t\t\t\t\t\t\t\t\t\t\t\t\t\t\t<\/td>\n\t\t\t\t\t\t\t<td>\n\t\t\t\t\t\t\t\t\t\t\t\t\t\t\t\t\t<a href=\"https:\/\/www.fca.com.pl\/en\/profesjonalisci\/inzynier-systemow-sieciowych\/\">\n\t\t\t\t\t\t\t\t\t\tUmowa o&nbsp;prac\u0119\/B2B\t\t\t\t\t\t\t\t\t<\/a>\n\t\t\t\t\t\t\t\t\t\t\t\t\t\t\t\t<\/td>\n\t\t\t\t\t\t\t<td>\n\t\t\t\t\t\t\t\t\t\t\t\t\t\t\t\t\t<a href=\"https:\/\/www.fca.com.pl\/en\/profesjonalisci\/inzynier-systemow-sieciowych\/\">\n\t\t\t\t\t\t\t\t\t\tNiepo\u0142omice\t\t\t\t\t\t\t\t\t<\/a>\n\t\t\t\t\t\t\t\t\t\t\t\t\t\t\t\t<\/td>\n\t\t\t\t\t\t<\/tr>\n\t\t\t\t\t\t\t\t\t\t\t\t<tr onclick=\"window.location='https:\/\/www.fca.com.pl\/en\/profesjonalisci\/mlodszy-inzynier-systemow-sieciowych\/';\">\n\t\t\t\t\t\t\t<td>\n\t\t\t\t\t\t\t\t<a href=\"https:\/\/www.fca.com.pl\/en\/profesjonalisci\/mlodszy-inzynier-systemow-sieciowych\/\">\n\t\t\t\t\t\t\t\t\t<img decoding=\"async\" src=\"https:\/\/www.fca.com.pl\/wp-content\/themes\/fca\/img\/arrow-right-white.svg\" alt=\"arrow\">\n\t\t\t\t\t\t\t\t<\/a>\n\t\t\t\t\t\t\t<\/td>\n\t\t\t\t\t\t\t<td>\n\t\t\t\t\t\t\t\t<a href=\"https:\/\/www.fca.com.pl\/en\/profesjonalisci\/mlodszy-inzynier-systemow-sieciowych\/\">\n\t\t\t\t\t\t\t\t\tM\u0142odszy In\u017cynier System\u00f3w Sieciowych<\/a><\/td>\n\t\t\t\t\t\t\t<td>\n\t\t\t\t\t\t\t\t\t\t\t\t\t\t\t<\/td>\n\t\t\t\t\t\t\t<td>\n\t\t\t\t\t\t\t\t\t\t\t\t\t\t\t\t\t<a href=\"https:\/\/www.fca.com.pl\/en\/profesjonalisci\/mlodszy-inzynier-systemow-sieciowych\/\">\n\t\t\t\t\t\t\t\t\t\tDepartament Produkt\u00f3w i&nbsp;Us\u0142ug\t\t\t\t\t\t\t\t\t<\/a>\n\t\t\t\t\t\t\t\t\t\t\t\t\t\t\t\t<\/td>\n\t\t\t\t\t\t\t<td>\n\t\t\t\t\t\t\t\t\t\t\t\t\t\t\t\t\t<a href=\"https:\/\/www.fca.com.pl\/en\/profesjonalisci\/mlodszy-inzynier-systemow-sieciowych\/\">\n\t\t\t\t\t\t\t\t\t\tUmowa o&nbsp;prac\u0119\/B2B\t\t\t\t\t\t\t\t\t<\/a>\n\t\t\t\t\t\t\t\t\t\t\t\t\t\t\t\t<\/td>\n\t\t\t\t\t\t\t<td>\n\t\t\t\t\t\t\t\t\t\t\t\t\t\t\t\t\t<a href=\"https:\/\/www.fca.com.pl\/en\/profesjonalisci\/mlodszy-inzynier-systemow-sieciowych\/\">\n\t\t\t\t\t\t\t\t\t\tNiepo\u0142omice\t\t\t\t\t\t\t\t\t<\/a>\n\t\t\t\t\t\t\t\t\t\t\t\t\t\t\t\t<\/td>\n\t\t\t\t\t\t<\/tr>\n\t\t\t\t\t\t\t\t\t\t\t\t<tr onclick=\"window.location='https:\/\/www.fca.com.pl\/en\/profesjonalisci\/instalator-net4f\/';\">\n\t\t\t\t\t\t\t<td>\n\t\t\t\t\t\t\t\t<a href=\"https:\/\/www.fca.com.pl\/en\/profesjonalisci\/instalator-net4f\/\">\n\t\t\t\t\t\t\t\t\t<img decoding=\"async\" src=\"https:\/\/www.fca.com.pl\/wp-content\/themes\/fca\/img\/arrow-right-white.svg\" alt=\"arrow\">\n\t\t\t\t\t\t\t\t<\/a>\n\t\t\t\t\t\t\t<\/td>\n\t\t\t\t\t\t\t<td>\n\t\t\t\t\t\t\t\t<a href=\"https:\/\/www.fca.com.pl\/en\/profesjonalisci\/instalator-net4f\/\">\n\t\t\t\t\t\t\t\t\tInstalator FTTH<\/a><\/td>\n\t\t\t\t\t\t\t<td>\n\t\t\t\t\t\t\t\t\t\t\t\t\t\t\t<\/td>\n\t\t\t\t\t\t\t<td>\n\t\t\t\t\t\t\t\t\t\t\t\t\t\t\t\t\t<a href=\"https:\/\/www.fca.com.pl\/en\/profesjonalisci\/instalator-net4f\/\">\n\t\t\t\t\t\t\t\t\t\tSP\u00d3\u0141KA NETWORK FOR FUTURE\t\t\t\t\t\t\t\t\t<\/a>\n\t\t\t\t\t\t\t\t\t\t\t\t\t\t\t\t<\/td>\n\t\t\t\t\t\t\t<td>\n\t\t\t\t\t\t\t\t\t\t\t\t\t\t\t\t\t<a href=\"https:\/\/www.fca.com.pl\/en\/profesjonalisci\/instalator-net4f\/\">\n\t\t\t\t\t\t\t\t\t\tUmowa o&nbsp;prac\u0119\t\t\t\t\t\t\t\t\t<\/a>\n\t\t\t\t\t\t\t\t\t\t\t\t\t\t\t\t<\/td>\n\t\t\t\t\t\t\t<td>\n\t\t\t\t\t\t\t\t\t\t\t\t\t\t\t\t\t<a href=\"https:\/\/www.fca.com.pl\/en\/profesjonalisci\/instalator-net4f\/\">\n\t\t\t\t\t\t\t\t\t\tWARSZAWA, OPOCZNO\t\t\t\t\t\t\t\t\t<\/a>\n\t\t\t\t\t\t\t\t\t\t\t\t\t\t\t\t<\/td>\n\t\t\t\t\t\t<\/tr>\n\t\t\t\t\t\t\t\t\t\t<\/table>\n\t\t\t<\/div>\n\t\t\t\t<\/div>\n<\/section>\n\t\t<\/div>\n\t\t\t\t<\/div>\n\t\t\t\t\t<\/div>\n\t\t<\/div>\n\t\t\t\t\t<\/div>\n\t\t<\/section>\n\t\t\t\t<\/div>\n\t\t","protected":false},"excerpt":{"rendered":"<p>Oferty pracy Stanowisko Sp\u00f3\u0142ka Dzia\u0142 Umowa Lokalizacja Product Manager E-commerce Dzia\u0142 Marketingu i&nbsp;Promocji Umowa o&nbsp;prac\u0119\/B2B Niepo\u0142omice Koordynator ds. uzgodnie\u0144 projekt\u00f3w przy budowie sieci \u015bwiat\u0142owodowych SP\u00d3\u0141KA NETWORK FOR FUTURE Umowa o&nbsp;prac\u0119 WARSZAWA Asystent ds. Kontroli Jako\u015bci Biuro Zarz\u0105dzania Procesami i&nbsp;Jako\u015bci\u0105 Umowa o&nbsp;prac\u0119 Niepo\u0142omice Operator Maszyny do ci\u0119cia kabla &#8211; praca nocna FCA Departament Produkcji Umowa o&nbsp;prac\u0119 [&hellip;]<\/p>\n","protected":false},"author":1,"featured_media":0,"parent":0,"menu_order":0,"comment_status":"closed","ping_status":"closed","template":"","meta":{"footnotes":""},"class_list":["post-11561","page","type-page","status-publish","hentry"],"acf":[],"yoast_head":"<!-- This site is optimized with the Yoast SEO plugin v23.9 - https:\/\/yoast.com\/wordpress\/plugins\/seo\/ -->\n<title>Profesjonali\u015bci - FCA<\/title>\n<meta name=\"robots\" content=\"index, follow, max-snippet:-1, max-image-preview:large, max-video-preview:-1\" \/>\n<link rel=\"canonical\" href=\"https:\/\/www.fca.com.pl\/en\/profesjonalisci\/\" \/>\n<meta property=\"og:locale\" content=\"en_US\" \/>\n<meta property=\"og:type\" content=\"article\" \/>\n<meta property=\"og:title\" content=\"Profesjonali\u015bci - FCA\" \/>\n<meta property=\"og:description\" content=\"Oferty pracy Stanowisko Sp\u00f3\u0142ka Dzia\u0142 Umowa Lokalizacja Product Manager E-commerce Dzia\u0142 Marketingu i&nbsp;Promocji Umowa o&nbsp;prac\u0119\/B2B Niepo\u0142omice Koordynator ds. uzgodnie\u0144 projekt\u00f3w przy budowie sieci \u015bwiat\u0142owodowych SP\u00d3\u0141KA NETWORK FOR FUTURE Umowa o&nbsp;prac\u0119 WARSZAWA Asystent ds. Kontroli Jako\u015bci Biuro Zarz\u0105dzania Procesami i&nbsp;Jako\u015bci\u0105 Umowa o&nbsp;prac\u0119 Niepo\u0142omice Operator Maszyny do ci\u0119cia kabla &#8211; praca nocna FCA Departament Produkcji Umowa o&nbsp;prac\u0119 [&hellip;]\" \/>\n<meta property=\"og:url\" content=\"https:\/\/www.fca.com.pl\/en\/profesjonalisci\/\" \/>\n<meta property=\"og:site_name\" content=\"FCA\" \/>\n<meta property=\"article:publisher\" content=\"https:\/\/pl-pl.facebook.com\/OPTYKNABIZNES\/\" \/>\n<meta property=\"article:modified_time\" content=\"2021-07-01T13:02:02+00:00\" \/>\n<meta property=\"og:image\" content=\"https:\/\/fca.uico.pl\/wp-content\/themes\/fca\/img\/arrow-right-white.svg\" \/>\n<meta name=\"twitter:card\" content=\"summary_large_image\" \/>\n<meta name=\"twitter:label1\" content=\"Est. reading time\" \/>\n\t<meta name=\"twitter:data1\" content=\"1 minute\" \/>\n<script type=\"application\/ld+json\" class=\"yoast-schema-graph\">{\"@context\":\"https:\/\/schema.org\",\"@graph\":[{\"@type\":\"WebPage\",\"@id\":\"https:\/\/www.fca.com.pl\/en\/profesjonalisci\/\",\"url\":\"https:\/\/www.fca.com.pl\/en\/profesjonalisci\/\",\"name\":\"Profesjonali\u015bci - FCA\",\"isPartOf\":{\"@id\":\"https:\/\/www.fca.com.pl\/#website\"},\"primaryImageOfPage\":{\"@id\":\"https:\/\/www.fca.com.pl\/en\/profesjonalisci\/#primaryimage\"},\"image\":{\"@id\":\"https:\/\/www.fca.com.pl\/en\/profesjonalisci\/#primaryimage\"},\"thumbnailUrl\":\"https:\/\/fca.uico.pl\/wp-content\/themes\/fca\/img\/arrow-right-white.svg\",\"datePublished\":\"2021-04-21T08:36:30+00:00\",\"dateModified\":\"2021-07-01T13:02:02+00:00\",\"breadcrumb\":{\"@id\":\"https:\/\/www.fca.com.pl\/en\/profesjonalisci\/#breadcrumb\"},\"inLanguage\":\"en-US\",\"potentialAction\":[{\"@type\":\"ReadAction\",\"target\":[\"https:\/\/www.fca.com.pl\/en\/profesjonalisci\/\"]}]},{\"@type\":\"ImageObject\",\"inLanguage\":\"en-US\",\"@id\":\"https:\/\/www.fca.com.pl\/en\/profesjonalisci\/#primaryimage\",\"url\":\"https:\/\/fca.uico.pl\/wp-content\/themes\/fca\/img\/arrow-right-white.svg\",\"contentUrl\":\"https:\/\/fca.uico.pl\/wp-content\/themes\/fca\/img\/arrow-right-white.svg\"},{\"@type\":\"BreadcrumbList\",\"@id\":\"https:\/\/www.fca.com.pl\/en\/profesjonalisci\/#breadcrumb\",\"itemListElement\":[{\"@type\":\"ListItem\",\"position\":1,\"name\":\"Strona g\u0142\u00f3wna\",\"item\":\"https:\/\/www.fca.com.pl\/en\/\"},{\"@type\":\"ListItem\",\"position\":2,\"name\":\"Profesjonali\u015bci\"}]},{\"@type\":\"WebSite\",\"@id\":\"https:\/\/www.fca.com.pl\/#website\",\"url\":\"https:\/\/www.fca.com.pl\/\",\"name\":\"FCA\",\"description\":\"Kolejna witryna oparta na WordPressie\",\"potentialAction\":[{\"@type\":\"SearchAction\",\"target\":{\"@type\":\"EntryPoint\",\"urlTemplate\":\"https:\/\/www.fca.com.pl\/?s={search_term_string}\"},\"query-input\":{\"@type\":\"PropertyValueSpecification\",\"valueRequired\":true,\"valueName\":\"search_term_string\"}}],\"inLanguage\":\"en-US\"}]}<\/script>\n<!-- \/ Yoast SEO plugin. -->","yoast_head_json":{"title":"Profesjonali\u015bci - FCA","robots":{"index":"index","follow":"follow","max-snippet":"max-snippet:-1","max-image-preview":"max-image-preview:large","max-video-preview":"max-video-preview:-1"},"canonical":"https:\/\/www.fca.com.pl\/en\/profesjonalisci\/","og_locale":"en_US","og_type":"article","og_title":"Profesjonali\u015bci - FCA","og_description":"Oferty pracy Stanowisko Sp\u00f3\u0142ka Dzia\u0142 Umowa Lokalizacja Product Manager E-commerce Dzia\u0142 Marketingu i&nbsp;Promocji Umowa o&nbsp;prac\u0119\/B2B Niepo\u0142omice Koordynator ds. uzgodnie\u0144 projekt\u00f3w przy budowie sieci \u015bwiat\u0142owodowych SP\u00d3\u0141KA NETWORK FOR FUTURE Umowa o&nbsp;prac\u0119 WARSZAWA Asystent ds. Kontroli Jako\u015bci Biuro Zarz\u0105dzania Procesami i&nbsp;Jako\u015bci\u0105 Umowa o&nbsp;prac\u0119 Niepo\u0142omice Operator Maszyny do ci\u0119cia kabla &#8211; praca nocna FCA Departament Produkcji Umowa o&nbsp;prac\u0119 [&hellip;]","og_url":"https:\/\/www.fca.com.pl\/en\/profesjonalisci\/","og_site_name":"FCA","article_publisher":"https:\/\/pl-pl.facebook.com\/OPTYKNABIZNES\/","article_modified_time":"2021-07-01T13:02:02+00:00","og_image":[{"url":"https:\/\/fca.uico.pl\/wp-content\/themes\/fca\/img\/arrow-right-white.svg"}],"twitter_card":"summary_large_image","twitter_misc":{"Est. reading time":"1 minute"},"schema":{"@context":"https:\/\/schema.org","@graph":[{"@type":"WebPage","@id":"https:\/\/www.fca.com.pl\/en\/profesjonalisci\/","url":"https:\/\/www.fca.com.pl\/en\/profesjonalisci\/","name":"Profesjonali\u015bci - FCA","isPartOf":{"@id":"https:\/\/www.fca.com.pl\/#website"},"primaryImageOfPage":{"@id":"https:\/\/www.fca.com.pl\/en\/profesjonalisci\/#primaryimage"},"image":{"@id":"https:\/\/www.fca.com.pl\/en\/profesjonalisci\/#primaryimage"},"thumbnailUrl":"https:\/\/fca.uico.pl\/wp-content\/themes\/fca\/img\/arrow-right-white.svg","datePublished":"2021-04-21T08:36:30+00:00","dateModified":"2021-07-01T13:02:02+00:00","breadcrumb":{"@id":"https:\/\/www.fca.com.pl\/en\/profesjonalisci\/#breadcrumb"},"inLanguage":"en-US","potentialAction":[{"@type":"ReadAction","target":["https:\/\/www.fca.com.pl\/en\/profesjonalisci\/"]}]},{"@type":"ImageObject","inLanguage":"en-US","@id":"https:\/\/www.fca.com.pl\/en\/profesjonalisci\/#primaryimage","url":"https:\/\/fca.uico.pl\/wp-content\/themes\/fca\/img\/arrow-right-white.svg","contentUrl":"https:\/\/fca.uico.pl\/wp-content\/themes\/fca\/img\/arrow-right-white.svg"},{"@type":"BreadcrumbList","@id":"https:\/\/www.fca.com.pl\/en\/profesjonalisci\/#breadcrumb","itemListElement":[{"@type":"ListItem","position":1,"name":"Strona g\u0142\u00f3wna","item":"https:\/\/www.fca.com.pl\/en\/"},{"@type":"ListItem","position":2,"name":"Profesjonali\u015bci"}]},{"@type":"WebSite","@id":"https:\/\/www.fca.com.pl\/#website","url":"https:\/\/www.fca.com.pl\/","name":"FCA","description":"Kolejna witryna oparta na WordPressie","potentialAction":[{"@type":"SearchAction","target":{"@type":"EntryPoint","urlTemplate":"https:\/\/www.fca.com.pl\/?s={search_term_string}"},"query-input":{"@type":"PropertyValueSpecification","valueRequired":true,"valueName":"search_term_string"}}],"inLanguage":"en-US"}]}},"_links":{"self":[{"href":"https:\/\/www.fca.com.pl\/en\/wp-json\/wp\/v2\/pages\/11561","targetHints":{"allow":["GET"]}}],"collection":[{"href":"https:\/\/www.fca.com.pl\/en\/wp-json\/wp\/v2\/pages"}],"about":[{"href":"https:\/\/www.fca.com.pl\/en\/wp-json\/wp\/v2\/types\/page"}],"author":[{"embeddable":true,"href":"https:\/\/www.fca.com.pl\/en\/wp-json\/wp\/v2\/users\/1"}],"replies":[{"embeddable":true,"href":"https:\/\/www.fca.com.pl\/en\/wp-json\/wp\/v2\/comments?post=11561"}],"version-history":[{"count":3,"href":"https:\/\/www.fca.com.pl\/en\/wp-json\/wp\/v2\/pages\/11561\/revisions"}],"predecessor-version":[{"id":15461,"href":"https:\/\/www.fca.com.pl\/en\/wp-json\/wp\/v2\/pages\/11561\/revisions\/15461"}],"wp:attachment":[{"href":"https:\/\/www.fca.com.pl\/en\/wp-json\/wp\/v2\/media?parent=11561"}],"curies":[{"name":"wp","href":"https:\/\/api.w.org\/{rel}","templated":true}]}}